{"id":420,"date":"2018-06-25T11:27:41","date_gmt":"2018-06-25T09:27:41","guid":{"rendered":"http:\/\/www.letrempesec.fr\/?page_id=420"},"modified":"2018-06-28T14:28:27","modified_gmt":"2018-06-28T12:28:27","slug":"donnees-personnelles","status":"publish","type":"page","link":"http:\/\/www.letrempesec.fr\/index.php\/donnees-personnelles\/","title":{"rendered":"Donn\u00e9es personnelles"},"content":{"rendered":"<p>Soucieux de la protection de votre vie priv\u00e9e, Le Trempe-Sec s&rsquo;engage\u00a0\u00e0 assurer le meilleur niveau de protection de vos donn\u00e9es \u00e0 caract\u00e8re personnel.<\/p>\n<p>Cette rubrique \u00e0 pour but de vous informer sur le traitement de vos donn\u00e9es, dans le cadre de la nouvelle loi RGPD (R\u00e8glement G\u00e9n\u00e9ral de la Protection des Donn\u00e9es).<\/p>\n<h4>Quels types de donn\u00e9es sont collect\u00e9es ?<\/h4>\n<p>Nous collectons essentiellement des adresses mails, noms et pr\u00e9noms. Nous avons \u00e9galement \u00e0 notre disposition quelques num\u00e9ros de t\u00e9l\u00e9phone et adresses postales.<\/p>\n<h4>Dans quel but est r\u00e9alis\u00e9 la collecte de donn\u00e9es ?<\/h4>\n<p>La collecte de vos donn\u00e9es \u00e0 pour but premier de communiquer sur notre \u00e9tablissement via nos newsletters. Elles nous permettent \u00e9galement de prendre contact avec vous lorsque cela est n\u00e9cessaire.<\/p>\n<h4>Par quels moyens ?<\/h4>\n<p>Vos donn\u00e9es sont collect\u00e9es par le biais d&rsquo;\u00e9change par mail avec notre \u00e9tablissement et par l&rsquo;utilisation de notre formulaire de contact.<\/p>\n<h4>A qui vos donn\u00e9es sont elles transmises ?<\/h4>\n<p>Nous ne transmettons, ni ne vendons vos donn\u00e9es \u00e0 aucun tiers. Nous les utilisons uniquement dans le but de r\u00e9aliser nos actions de communication.<\/p>\n<h4>Quels sont mes droits sur les donn\u00e9es ?<\/h4>\n<ul>\n<li>Un droits d\u2019acc\u00e8s<\/li>\n<li>Un droit de rectification,<\/li>\n<li>Un droit d\u2019opposition et d\u2019effacement au traitement de ses donn\u00e9es<\/li>\n<li>Un droit d\u2019opposition au profilage<\/li>\n<li>Un droit \u00e0 la limitation du traitement,<\/li>\n<li>Un droit \u00e0 la portabilit\u00e9 de ses donn\u00e9es<\/li>\n<\/ul>\n<p>&nbsp;<\/p>\n<p>Enfin, lorsque Le Trempe-Sec d\u00e9tecte une violation de donn\u00e9es \u00e0 caract\u00e8re personnel susceptible d\u2019engendrer un risque \u00e9lev\u00e9 pour vos droits et libert\u00e9s, vous serez inform\u00e9 de cette violation dans les meilleurs d\u00e9lais.<\/p>\n<h4>Comment exercer mes droits ?<\/h4>\n<p>Vous pouvez nous faire part de votre demande de suppression d&rsquo;informations de ces diff\u00e9rentes mani\u00e8res :<\/p>\n<ul>\n<li>Par voie postale, en nous \u00e9crivant \u00e0 l\u2019adresse suivante :<\/li>\n<\/ul>\n<p><b>LA GRANDE FERRI\u00c8RE, 35500 VITR\u00c9<\/b>, en indiquant votre nom, pr\u00e9nom et email.<\/p>\n<ul>\n<li>Par voie \u00e9lectronique : contact@letrempe-sec.fr<\/li>\n<\/ul>\n<p>Toute demande doit \u00eatre accompagn\u00e9e d\u2019un justificatif d\u2019identit\u00e9.<\/p>\n<h4>Combien de temps mes donn\u00e9es sont-elles conserv\u00e9es ?<\/h4>\n<p>Le Trempe-Sec se r\u00e9serve le droit de conserver vos donn\u00e9es sans d\u00e9limitation de dur\u00e9e pour des raisons qui nous semblent \u00e9videntes.<\/p>\n<p>&nbsp;<\/p>\n<p>&nbsp;<\/p>\n","protected":false},"excerpt":{"rendered":"<p>Soucieux de la protection de votre vie priv\u00e9e, Le Trempe-Sec s&rsquo;engage\u00a0\u00e0 assurer le meilleur niveau de protection de vos donn\u00e9es \u00e0 caract\u00e8re personnel. Cette rubrique \u00e0 pour but de vous informer sur le traitement de vos donn\u00e9es, dans le cadre de la nouvelle loi RGPD (R\u00e8glement G\u00e9n\u00e9ral de la Protection des Donn\u00e9es). Quels types de &hellip;<\/p>\n","protected":false},"author":2,"featured_media":0,"parent":0,"menu_order":0,"comment_status":"closed","ping_status":"closed","template":"","meta":{"jetpack_post_was_ever_published":false,"footnotes":""},"class_list":["post-420","page","type-page","status-publish","hentry"],"yoast_head":"<!-- This site is optimized with the Yoast SEO plugin v27.5 - https:\/\/yoast.com\/product\/yoast-seo-wordpress\/ -->\n<title>Donn\u00e9es personnelles - Le Trempe Sec<\/title>\n<meta name=\"description\" content=\"Dans les cadre de la nouvelle r\u00e9glementation de la protection de donn\u00e9es, notre \u00e9tablissement se met \u00e0 jour pour vous assurer le meilleur niveau de protection de vos donn\u00e9es \u00e0 caract\u00e8res personnelles.\" \/>\n<meta name=\"robots\" content=\"index, follow, max-snippet:-1, max-image-preview:large, max-video-preview:-1\" \/>\n<link rel=\"canonical\" href=\"http:\/\/www.letrempesec.fr\/index.php\/donnees-personnelles\/\" \/>\n<meta property=\"og:locale\" content=\"fr_FR\" \/>\n<meta property=\"og:type\" content=\"article\" \/>\n<meta property=\"og:title\" content=\"Donn\u00e9es personnelles - Le Trempe Sec\" \/>\n<meta property=\"og:description\" content=\"Dans les cadre de la nouvelle r\u00e9glementation de la protection de donn\u00e9es, notre \u00e9tablissement se met \u00e0 jour pour vous assurer le meilleur niveau de protection de vos donn\u00e9es \u00e0 caract\u00e8res personnelles.\" \/>\n<meta property=\"og:url\" content=\"http:\/\/www.letrempesec.fr\/index.php\/donnees-personnelles\/\" \/>\n<meta property=\"og:site_name\" content=\"Le Trempe-Sec\" \/>\n<meta property=\"article:publisher\" content=\"https:\/\/www.facebook.com\/AnthonyFouchetLeTrempeSec\" \/>\n<meta property=\"article:modified_time\" content=\"2018-06-28T12:28:27+00:00\" \/>\n<meta name=\"twitter:card\" content=\"summary_large_image\" \/>\n<meta name=\"twitter:label1\" content=\"Dur\u00e9e de lecture estim\u00e9e\" \/>\n\t<meta name=\"twitter:data1\" content=\"2 minutes\" \/>\n<script type=\"application\/ld+json\" class=\"yoast-schema-graph\">{\"@context\":\"https:\\\/\\\/schema.org\",\"@graph\":[{\"@type\":\"WebPage\",\"@id\":\"http:\\\/\\\/www.letrempesec.fr\\\/index.php\\\/donnees-personnelles\\\/\",\"url\":\"http:\\\/\\\/www.letrempesec.fr\\\/index.php\\\/donnees-personnelles\\\/\",\"name\":\"Donn\u00e9es personnelles - Le Trempe Sec\",\"isPartOf\":{\"@id\":\"http:\\\/\\\/www.letrempesec.fr\\\/#website\"},\"datePublished\":\"2018-06-25T09:27:41+00:00\",\"dateModified\":\"2018-06-28T12:28:27+00:00\",\"description\":\"Dans les cadre de la nouvelle r\u00e9glementation de la protection de donn\u00e9es, notre \u00e9tablissement se met \u00e0 jour pour vous assurer le meilleur niveau de protection de vos donn\u00e9es \u00e0 caract\u00e8res personnelles.\",\"breadcrumb\":{\"@id\":\"http:\\\/\\\/www.letrempesec.fr\\\/index.php\\\/donnees-personnelles\\\/#breadcrumb\"},\"inLanguage\":\"fr-FR\",\"potentialAction\":[{\"@type\":\"ReadAction\",\"target\":[\"http:\\\/\\\/www.letrempesec.fr\\\/index.php\\\/donnees-personnelles\\\/\"]}]},{\"@type\":\"BreadcrumbList\",\"@id\":\"http:\\\/\\\/www.letrempesec.fr\\\/index.php\\\/donnees-personnelles\\\/#breadcrumb\",\"itemListElement\":[{\"@type\":\"ListItem\",\"position\":1,\"name\":\"Accueil\",\"item\":\"http:\\\/\\\/www.letrempesec.fr\\\/\"},{\"@type\":\"ListItem\",\"position\":2,\"name\":\"Donn\u00e9es personnelles\"}]},{\"@type\":\"WebSite\",\"@id\":\"http:\\\/\\\/www.letrempesec.fr\\\/#website\",\"url\":\"http:\\\/\\\/www.letrempesec.fr\\\/\",\"name\":\"Le Trempe-Sec, \u00e9v\u00e8nementiel, lieu de r\u00e9ception et traiteur\",\"description\":\"Traiteur \u00e9v\u00e9nementiel &amp; Locations de salles\",\"publisher\":{\"@id\":\"http:\\\/\\\/www.letrempesec.fr\\\/#organization\"},\"potentialAction\":[{\"@type\":\"SearchAction\",\"target\":{\"@type\":\"EntryPoint\",\"urlTemplate\":\"http:\\\/\\\/www.letrempesec.fr\\\/?s={search_term_string}\"},\"query-input\":{\"@type\":\"PropertyValueSpecification\",\"valueRequired\":true,\"valueName\":\"search_term_string\"}}],\"inLanguage\":\"fr-FR\"},{\"@type\":\"Organization\",\"@id\":\"http:\\\/\\\/www.letrempesec.fr\\\/#organization\",\"name\":\"Le Trempe-Sec, \u00e9v\u00e8nementiel, lieu de r\u00e9ception et traiteur\",\"url\":\"http:\\\/\\\/www.letrempesec.fr\\\/\",\"logo\":{\"@type\":\"ImageObject\",\"inLanguage\":\"fr-FR\",\"@id\":\"http:\\\/\\\/www.letrempesec.fr\\\/#\\\/schema\\\/logo\\\/image\\\/\",\"url\":\"http:\\\/\\\/www.letrempesec.fr\\\/wp-content\\\/uploads\\\/2023\\\/07\\\/Beige-et-Marron-Purement-Typographique-Mariage-Evenement-Logo-5-e1689927381949.png\",\"contentUrl\":\"http:\\\/\\\/www.letrempesec.fr\\\/wp-content\\\/uploads\\\/2023\\\/07\\\/Beige-et-Marron-Purement-Typographique-Mariage-Evenement-Logo-5-e1689927381949.png\",\"width\":2000,\"height\":795,\"caption\":\"Le Trempe-Sec, \u00e9v\u00e8nementiel, lieu de r\u00e9ception et traiteur\"},\"image\":{\"@id\":\"http:\\\/\\\/www.letrempesec.fr\\\/#\\\/schema\\\/logo\\\/image\\\/\"},\"sameAs\":[\"https:\\\/\\\/www.facebook.com\\\/AnthonyFouchetLeTrempeSec\",\"https:\\\/\\\/www.instagram.com\\\/letrempesec35\\\/?fbclid=IwY2xjawRdc25leHRuA2FlbQIxMQBzcnRjBmFwcF9pZAEwAAEe6af420YQmqDQebcyaD19bcUItc3Drmk_DyOAZ3eQVEhWluHS8zz3JSq6j2c_aem_leyukG3zfOYOEWbBYGRtHw\"]}]}<\/script>\n<!-- \/ Yoast SEO plugin. -->","yoast_head_json":{"title":"Donn\u00e9es personnelles - Le Trempe Sec","description":"Dans les cadre de la nouvelle r\u00e9glementation de la protection de donn\u00e9es, notre \u00e9tablissement se met \u00e0 jour pour vous assurer le meilleur niveau de protection de vos donn\u00e9es \u00e0 caract\u00e8res personnelles.","robots":{"index":"index","follow":"follow","max-snippet":"max-snippet:-1","max-image-preview":"max-image-preview:large","max-video-preview":"max-video-preview:-1"},"canonical":"http:\/\/www.letrempesec.fr\/index.php\/donnees-personnelles\/","og_locale":"fr_FR","og_type":"article","og_title":"Donn\u00e9es personnelles - Le Trempe Sec","og_description":"Dans les cadre de la nouvelle r\u00e9glementation de la protection de donn\u00e9es, notre \u00e9tablissement se met \u00e0 jour pour vous assurer le meilleur niveau de protection de vos donn\u00e9es \u00e0 caract\u00e8res personnelles.","og_url":"http:\/\/www.letrempesec.fr\/index.php\/donnees-personnelles\/","og_site_name":"Le Trempe-Sec","article_publisher":"https:\/\/www.facebook.com\/AnthonyFouchetLeTrempeSec","article_modified_time":"2018-06-28T12:28:27+00:00","twitter_card":"summary_large_image","twitter_misc":{"Dur\u00e9e de lecture estim\u00e9e":"2 minutes"},"schema":{"@context":"https:\/\/schema.org","@graph":[{"@type":"WebPage","@id":"http:\/\/www.letrempesec.fr\/index.php\/donnees-personnelles\/","url":"http:\/\/www.letrempesec.fr\/index.php\/donnees-personnelles\/","name":"Donn\u00e9es personnelles - Le Trempe Sec","isPartOf":{"@id":"http:\/\/www.letrempesec.fr\/#website"},"datePublished":"2018-06-25T09:27:41+00:00","dateModified":"2018-06-28T12:28:27+00:00","description":"Dans les cadre de la nouvelle r\u00e9glementation de la protection de donn\u00e9es, notre \u00e9tablissement se met \u00e0 jour pour vous assurer le meilleur niveau de protection de vos donn\u00e9es \u00e0 caract\u00e8res personnelles.","breadcrumb":{"@id":"http:\/\/www.letrempesec.fr\/index.php\/donnees-personnelles\/#breadcrumb"},"inLanguage":"fr-FR","potentialAction":[{"@type":"ReadAction","target":["http:\/\/www.letrempesec.fr\/index.php\/donnees-personnelles\/"]}]},{"@type":"BreadcrumbList","@id":"http:\/\/www.letrempesec.fr\/index.php\/donnees-personnelles\/#breadcrumb","itemListElement":[{"@type":"ListItem","position":1,"name":"Accueil","item":"http:\/\/www.letrempesec.fr\/"},{"@type":"ListItem","position":2,"name":"Donn\u00e9es personnelles"}]},{"@type":"WebSite","@id":"http:\/\/www.letrempesec.fr\/#website","url":"http:\/\/www.letrempesec.fr\/","name":"Le Trempe-Sec, \u00e9v\u00e8nementiel, lieu de r\u00e9ception et traiteur","description":"Traiteur \u00e9v\u00e9nementiel &amp; Locations de salles","publisher":{"@id":"http:\/\/www.letrempesec.fr\/#organization"},"potentialAction":[{"@type":"SearchAction","target":{"@type":"EntryPoint","urlTemplate":"http:\/\/www.letrempesec.fr\/?s={search_term_string}"},"query-input":{"@type":"PropertyValueSpecification","valueRequired":true,"valueName":"search_term_string"}}],"inLanguage":"fr-FR"},{"@type":"Organization","@id":"http:\/\/www.letrempesec.fr\/#organization","name":"Le Trempe-Sec, \u00e9v\u00e8nementiel, lieu de r\u00e9ception et traiteur","url":"http:\/\/www.letrempesec.fr\/","logo":{"@type":"ImageObject","inLanguage":"fr-FR","@id":"http:\/\/www.letrempesec.fr\/#\/schema\/logo\/image\/","url":"http:\/\/www.letrempesec.fr\/wp-content\/uploads\/2023\/07\/Beige-et-Marron-Purement-Typographique-Mariage-Evenement-Logo-5-e1689927381949.png","contentUrl":"http:\/\/www.letrempesec.fr\/wp-content\/uploads\/2023\/07\/Beige-et-Marron-Purement-Typographique-Mariage-Evenement-Logo-5-e1689927381949.png","width":2000,"height":795,"caption":"Le Trempe-Sec, \u00e9v\u00e8nementiel, lieu de r\u00e9ception et traiteur"},"image":{"@id":"http:\/\/www.letrempesec.fr\/#\/schema\/logo\/image\/"},"sameAs":["https:\/\/www.facebook.com\/AnthonyFouchetLeTrempeSec","https:\/\/www.instagram.com\/letrempesec35\/?fbclid=IwY2xjawRdc25leHRuA2FlbQIxMQBzcnRjBmFwcF9pZAEwAAEe6af420YQmqDQebcyaD19bcUItc3Drmk_DyOAZ3eQVEhWluHS8zz3JSq6j2c_aem_leyukG3zfOYOEWbBYGRtHw"]}]}},"jetpack_sharing_enabled":true,"jetpack_shortlink":"https:\/\/wp.me\/P7YJrY-6M","_links":{"self":[{"href":"http:\/\/www.letrempesec.fr\/index.php\/wp-json\/wp\/v2\/pages\/420","targetHints":{"allow":["GET"]}}],"collection":[{"href":"http:\/\/www.letrempesec.fr\/index.php\/wp-json\/wp\/v2\/pages"}],"about":[{"href":"http:\/\/www.letrempesec.fr\/index.php\/wp-json\/wp\/v2\/types\/page"}],"author":[{"embeddable":true,"href":"http:\/\/www.letrempesec.fr\/index.php\/wp-json\/wp\/v2\/users\/2"}],"replies":[{"embeddable":true,"href":"http:\/\/www.letrempesec.fr\/index.php\/wp-json\/wp\/v2\/comments?post=420"}],"version-history":[{"count":2,"href":"http:\/\/www.letrempesec.fr\/index.php\/wp-json\/wp\/v2\/pages\/420\/revisions"}],"predecessor-version":[{"id":1013,"href":"http:\/\/www.letrempesec.fr\/index.php\/wp-json\/wp\/v2\/pages\/420\/revisions\/1013"}],"wp:attachment":[{"href":"http:\/\/www.letrempesec.fr\/index.php\/wp-json\/wp\/v2\/media?parent=420"}],"curies":[{"name":"wp","href":"https:\/\/api.w.org\/{rel}","templated":true}]}}